{"id":1671,"date":"2023-06-18T17:23:06","date_gmt":"2023-06-18T17:23:06","guid":{"rendered":"https:\/\/dcsh.izt.uam.mx\/posgrado\/humanidades\/?page_id=1671"},"modified":"2026-01-26T17:06:49","modified_gmt":"2026-01-26T17:06:49","slug":"planta-academica-fcyl","status":"publish","type":"page","link":"https:\/\/dcsh.izt.uam.mx\/posgrado\/humanidades\/index.php\/home-2\/lineas-academicas\/fcyl\/planta-academica-fcyl\/","title":{"rendered":"Planta Acad\u00e9mica de Filosof\u00eda de las Ciencias y el Lenguaje"},"content":{"rendered":"\t\t<div data-elementor-type=\"wp-page\" data-elementor-id=\"1671\" class=\"elementor elementor-1671\" data-elementor-post-type=\"page\">\n\t\t\t\t<div class=\"elementor-element elementor-element-c3e3230 e-flex e-con-boxed e-con e-parent\" data-id=\"c3e3230\" data-element_type=\"container\" data-e-type=\"container\">\n\t\t\t\t\t<div class=\"e-con-inner\">\n\t\t\t\t<div class=\"elementor-element elementor-element-e323c91 elementor-invisible elementor-widget elementor-widget-eael-adv-tabs\" data-id=\"e323c91\" data-element_type=\"widget\" data-e-type=\"widget\" data-settings=\"{&quot;_animation&quot;:&quot;fadeIn&quot;}\" data-widget_type=\"eael-adv-tabs.default\">\n\t\t\t\t<div class=\"elementor-widget-container\">\n\t\t\t\t\t        <div data-scroll-on-click=\"no\" data-scroll-speed=\"300\" id=\"eael-advance-tabs-e323c91\" class=\"eael-advance-tabs eael-tabs-vertical eael-tab-auto-active \" data-tabid=\"e323c91\">\n            <div class=\"eael-tabs-nav \">\n                <ul class=\"\" role=\"tablist\">\n                                            <li id=\"jrg-alejandro-tellkamp\" class=\"inactive eael-tab-item-trigger eael-tab-nav-item\" aria-selected=\"true\" data-tab=\"1\" role=\"tab\" tabindex=\"0\" aria-controls=\"jrg-alejandro-tellkamp-tab\" aria-expanded=\"false\">\n                            \n                            \n                            \n                                                            <span class=\"eael-tab-title title-after-icon\" >J\u00f6rg Alejandro Tellkamp<\/span>                                                    <\/li>\n                                            <li id=\"armando-cntora-gmez\" class=\"inactive eael-tab-item-trigger eael-tab-nav-item\" aria-selected=\"false\" data-tab=\"2\" role=\"tab\" tabindex=\"-1\" aria-controls=\"armando-cntora-gmez-tab\" aria-expanded=\"false\">\n                            \n                            \n                            \n                                                            <span class=\"eael-tab-title title-after-icon\" >Armando C\u00edntora G\u00f3mez<\/span>                                                    <\/li>\n                                            <li id=\"godfrey-guillaumin-jurez\" class=\"inactive eael-tab-item-trigger eael-tab-nav-item\" aria-selected=\"false\" data-tab=\"3\" role=\"tab\" tabindex=\"-1\" aria-controls=\"godfrey-guillaumin-jurez-tab\" aria-expanded=\"false\">\n                            \n                            \n                            \n                                                            <span class=\"eael-tab-title title-after-icon\" >Godfrey Guillaumin Ju\u00e1rez<\/span>                                                    <\/li>\n                                            <li id=\"gustavo-leyva-martnez\" class=\"inactive eael-tab-item-trigger eael-tab-nav-item\" aria-selected=\"false\" data-tab=\"4\" role=\"tab\" tabindex=\"-1\" aria-controls=\"gustavo-leyva-martnez-tab\" aria-expanded=\"false\">\n                            \n                            \n                            \n                                                            <span class=\"eael-tab-title title-after-icon\" >Gustavo Leyva Mart\u00ednez<\/span>                                                    <\/li>\n                                            <li id=\"jorge-martnez-contreras\" class=\"inactive eael-tab-item-trigger eael-tab-nav-item\" aria-selected=\"false\" data-tab=\"5\" role=\"tab\" tabindex=\"-1\" aria-controls=\"jorge-martnez-contreras-tab\" aria-expanded=\"false\">\n                            \n                            \n                            \n                                                            <span class=\"eael-tab-title title-after-icon\" >Jorge Mart\u00ednez Contreras<\/span>                                                    <\/li>\n                                            <li id=\"jos-de-teresa-ochoa\" class=\"inactive eael-tab-item-trigger eael-tab-nav-item\" aria-selected=\"false\" data-tab=\"6\" role=\"tab\" tabindex=\"-1\" aria-controls=\"jos-de-teresa-ochoa-tab\" aria-expanded=\"false\">\n                            \n                            \n                            \n                                                            <span class=\"eael-tab-title title-after-icon\" >Jos\u00e9 de Teresa Ochoa<\/span>                                                    <\/li>\n                                            <li id=\"max-fernndez-de-castro-tapia\" class=\"inactive eael-tab-item-trigger eael-tab-nav-item\" aria-selected=\"false\" data-tab=\"7\" role=\"tab\" tabindex=\"-1\" aria-controls=\"max-fernndez-de-castro-tapia-tab\" aria-expanded=\"false\">\n                            \n                            \n                            \n                                                            <span class=\"eael-tab-title title-after-icon\" >Max Fern\u00e1ndez de Castro Tapia<\/span>                                                    <\/li>\n                                            <li id=\"marc-jimnez-rolland\" class=\"inactive eael-tab-item-trigger eael-tab-nav-item\" aria-selected=\"false\" data-tab=\"8\" role=\"tab\" tabindex=\"-1\" aria-controls=\"marc-jimnez-rolland-tab\" aria-expanded=\"false\">\n                            \n                            \n                            \n                                                            <span class=\"eael-tab-title title-after-icon\" >Marc Jim\u00e9nez Rolland<\/span>                                                    <\/li>\n                                            <li id=\"slvio-jos-mota-pinto\" class=\"inactive eael-tab-item-trigger eael-tab-nav-item\" aria-selected=\"false\" data-tab=\"9\" role=\"tab\" tabindex=\"-1\" aria-controls=\"slvio-jos-mota-pinto-tab\" aria-expanded=\"false\">\n                            \n                            \n                            \n                                                            <span class=\"eael-tab-title title-after-icon\" >S\u00edlvio Jos\u00e9 Mota Pinto<\/span>                                                    <\/li>\n                                            <li id=\"yolanda-torres-falcn\" class=\"inactive eael-tab-item-trigger eael-tab-nav-item\" aria-selected=\"false\" data-tab=\"10\" role=\"tab\" tabindex=\"-1\" aria-controls=\"yolanda-torres-falcn-tab\" aria-expanded=\"false\">\n                            \n                            \n                            \n                                                            <span class=\"eael-tab-title title-after-icon\" >Yolanda Torres Falc\u00f3n<\/span>                                                    <\/li>\n                                            <li id=\"mario-casanueva-lpez-ncleo-complementario\" class=\"inactive eael-tab-item-trigger eael-tab-nav-item\" aria-selected=\"false\" data-tab=\"11\" role=\"tab\" tabindex=\"-1\" aria-controls=\"mario-casanueva-lpez-ncleo-complementario-tab\" aria-expanded=\"false\">\n                            \n                            \n                            \n                                                            <span class=\"eael-tab-title title-after-icon\" >Mario Casanueva L\u00f3pez (N\u00facleo complementario)<\/span>                                                    <\/li>\n                                            <li id=\"lvaro-julio-pelez-cedrs-ncleo-complementario-externo\" class=\"inactive eael-tab-item-trigger eael-tab-nav-item\" aria-selected=\"false\" data-tab=\"12\" role=\"tab\" tabindex=\"-1\" aria-controls=\"lvaro-julio-pelez-cedrs-ncleo-complementario-externo-tab\" aria-expanded=\"false\">\n                            \n                            \n                            \n                                                            <span class=\"eael-tab-title title-after-icon\" >\u00c1lvaro Julio Pel\u00e1ez Cedr\u00e9s (N\u00facleo Complementario Externo)<\/span>                                                    <\/li>\n                                            <li id=\"bernardo-bolaos-guerra-ncleo-complementario-externo\" class=\"inactive eael-tab-item-trigger eael-tab-nav-item\" aria-selected=\"false\" data-tab=\"13\" role=\"tab\" tabindex=\"-1\" aria-controls=\"bernardo-bolaos-guerra-ncleo-complementario-externo-tab\" aria-expanded=\"false\">\n                            \n                            \n                            \n                                                            <span class=\"eael-tab-title title-after-icon\" >Bernardo Bola\u00f1os Guerra (N\u00facleo Complementario Externo)<\/span>                                                    <\/li>\n                                            <li id=\"rodolfo-surez-molnar-ncleo-complementario-externo\" class=\"inactive eael-tab-item-trigger eael-tab-nav-item\" aria-selected=\"false\" data-tab=\"14\" role=\"tab\" tabindex=\"-1\" aria-controls=\"rodolfo-surez-molnar-ncleo-complementario-externo-tab\" aria-expanded=\"false\">\n                            \n                            \n                            \n                                                            <span class=\"eael-tab-title title-after-icon\" >Rodolfo Su\u00e1rez Molnar (N\u00facleo Complementario Externo)<\/span>                                                    <\/li>\n                    \n                                  <\/ul>\n            <\/div>\n            \n            <div class=\"eael-tabs-content\">\n\t\t        \n                    <div id=\"jrg-alejandro-tellkamp-tab\" class=\"clearfix eael-tab-content-item inactive\" data-title-link=\"jrg-alejandro-tellkamp-tab\">\n\t\t\t\t        <div id=\"dr-jorg-alejandro-tellkamp2\" class=\"kc-elm kc-css-676775 kc_tab ui-tabs-panel kc_ui-tabs-hide kc_clearfix ui-tabs-body-active kc-section-active\"><div class=\"kc_tab_content\"><div class=\"kc-elm kc-css-417490 kc_row kc_row_inner\"><div class=\"kc-elm kc-css-439432 kc_col-sm-12 kc_column_inner kc_col-sm-12\"><div class=\"kc_wrapper kc-col-inner-container\"><div class=\"kc-elm kc-css-547312 kc_tabs group kc_vertical_tabs\"><div class=\"kc_wrapper ui-tabs kc_clearfix\"><div id=\"cv-sintesis39\" class=\"kc-elm kc-css-747279 kc_tab ui-tabs-panel kc_ui-tabs-hide kc_clearfix ui-tabs-body-active kc-section-active\"><div class=\"kc_tab_content\"><div class=\"kc-elm kc-css-80780 kc_text_block\"><p><img decoding=\"async\" class=\"size-full wp-image-26 alignleft\" src=\"http:\/\/dcsh.izt.uam.mx\/posgrado\/humanidades\/wp-content\/uploads\/2020\/04\/Alejandro_Tellkamp.jpg\" alt=\"\" width=\"132\" height=\"177\" \/>Coordinador de la L\u00ednea Acad\u00e9mica de Filosof\u00eda de las Ciencias y del Lenguaje<\/p><p>Doctor en Filosof\u00eda por la Universit\u00e4t Halle-Wittenberg (Alemania). <span style=\"font-weight: 400\">Estudi\u00f3 la Licenciatura en Filosof\u00eda, literatura hisp\u00e1nica y alemana en la Friedrich-Alexander-Universit\u00e4t Erlangen-N\u00fcrnberg y posteriormente una maestr\u00eda en filosof\u00eda en la Universidad Cat\u00f3lica de Lovaina (B\u00e9lgica). <\/span>Fue profesor de la Universidad Nacional de Colombia y es actualmente profesor de tiempo completo en el Departamento de Filosof\u00eda de la UAM-I.<\/p><p>Sus \u00e1reas de inter\u00e9s incluyen:\u00a0Filosof\u00eda Medieval; Escol\u00e1stica Espa\u00f1ola; Epistemolog\u00eda, Filosof\u00eda de la Mente; Filosof\u00eda Pol\u00edtica.<\/p><p>Investigador nivel II del Sistema Nacional de Investigadores (SNI) 2008 a la fecha.<\/p><p>Director de Signos Filos\u00f3ficos (revista de Filosof\u00eda del Departamento de Filosof\u00eda de la UAM-I); mayo 2015 en adelante.<\/p><p>Sus publicaciones incluyen:<\/p><ul><li style=\"font-weight: 400\"><span style=\"font-weight: 400\">Tellkamp, A. (2025). Francisco de Vitoria on Knowing the Just Causes of War. History of Philosophy and Logical Analysis.\u00a0<\/span><\/li><li style=\"font-weight: 400\"><span style=\"font-weight: 400\">Tellkamp, A. (2024) <\/span><span style=\"font-weight: 400\">Glanville, Luke, David Lupher y Maya Feile Tomes, eds. 2023. Sep\u00falveda on the Spanish Invasion of the Americas. Defending Empire, Debating las Casas. Oxford: Oxford University Press. 427 pp<\/span><\/li><li style=\"font-weight: 400\"><span style=\"font-weight: 400\">Tellkamp, A. (2024) <\/span><span style=\"font-weight: 400\">Molina On Slavery and the Slave Trade. Catholic University of Americ Press.\u00a0<\/span><\/li><li style=\"font-weight: 400\"><span style=\"font-weight: 400\">Tellkamp, A. (2023).<\/span><span style=\"font-weight: 400\"> Summistae: The Commentary Tradition on Thomas Aquinas\u2019 Summa Theologiae from the 15th to the 17th Centuries. Lidia Lanza and Marco Toste, eds. Ancient and Medieval Philosophy 58, Series 1. Leuven: Leuven University Press, 2021. viii + 448 pp.<\/span><\/li><li style=\"font-weight: 400\"><span style=\"font-weight: 400\">Tellkamp, A. (2023). <\/span><span style=\"font-weight: 400\">Albert the Great and Thomas Aquinas on What Makes Perception Human. Rationality in Perception in Medieval Philosophy.<\/span><\/li><li style=\"font-weight: 400\"><span style=\"font-weight: 400\">Tellkamp, A. (2023). <\/span><span style=\"font-weight: 400\">Averroist by Contagion? Marsilius of Padua on civilis scientia. Contextualizing Premodern Philosophy (pp. 436-449).<\/span><\/li><li style=\"font-weight: 400\"><span style=\"font-weight: 400\">Tellkamp, A. (2023). <\/span><span style=\"font-weight: 400\">Natural and human law in the Atlantic context: Alonso de la Veracruz and Tom\u00e1s de Mercado\/Ley natural y humana en el contexto atl\u00e1ntico: Alonso de la Veracruz and Tom\u00e1s de Mercado. Araucaria.\u00a0<\/span><\/li><li style=\"font-weight: 400\"><span style=\"font-weight: 400\">Tellkamp, A. (2021). <\/span><span style=\"font-weight: 400\">Sobre Seth Kimmel, \u00abTener el lobo por las orejas.\u00bb Pol\u00e9micas sobre coerci\u00f3n y conversi\u00f3n hasta la expulsi\u00f3n de los moriscos<\/span><\/li><li style=\"font-weight: 400\"><span style=\"font-weight: 400\">Tellkamp, A. (2021). <\/span><span style=\"font-weight: 400\">Normative Languages in Colonial America &#8211; Knowledge of the Pragmatici: Legal and Moral Theological Literature and the Formation of Early Modern Ibero-America. Edited by Thomas Duve and Otto Danwerth. Leiden: Brill, 2020<\/span><b>.<\/b><\/li><li style=\"font-weight: 400\"><span style=\"font-weight: 400\">Tellkamp, A. (2020). <\/span><span style=\"font-weight: 400\">A Companion to Early Modern Spanish Imperial Political and Social Thought.<\/span><\/li><li style=\"font-weight: 400\"><span style=\"font-weight: 400\">Tellkamp, A. (2020). From Salamanca to Mexico: On Justifying Empire. Homo, Natura, Mundus: Human Beings and Their Relationships (pp. 169-189).<\/span><\/li><\/ul><p>Correo: tlkp@xanum.uam.mx<\/p><\/div><\/div><\/div><\/div><\/div><\/div><\/div><\/div><\/div><\/div>                    <\/div>\n\t\t        \n                    <div id=\"armando-cntora-gmez-tab\" class=\"clearfix eael-tab-content-item inactive\" data-title-link=\"armando-cntora-gmez-tab\">\n\t\t\t\t        <p><img decoding=\"async\" class=\"wp-image-430 alignleft\" src=\"http:\/\/dcsh.izt.uam.mx\/posgrado\/humanidades\/wp-content\/uploads\/2020\/12\/Dr.-C\u00c3\u00adntora.jpg\" alt=\"\" width=\"157\" height=\"162\" \/><\/p><p><strong>L\u00edneas de Investigaci\u00f3n<\/strong><\/p><p>\u2013 Racionalidad Cient\u00edfica<br \/>\u2013 Escepticismo Filos\u00f3fico<br \/>\u2013 Realismo Cient\u00edfico<\/p><p><strong>Trayectoria Acad\u00e9mica<\/strong><\/p><p class=\"p1\">SNI 1<\/p><p>Post-doctorado (\u2018visiting research associate\u2019) en el \u2018Institute for the History and Philosophy of Science and Technology\u2019 de la Universidad de Toronto, Canad\u00e1, de septiembre del 2004 a abril del 2005. Con una beca del gobierno Canadiense. Doctorado en Filosof\u00eda de la Ciencia (en la \u2018London School of Economics and Political Science\u2019, de la Universidad de Londres, UK.) Titulaci\u00f3n en enero del 2001. Maestr\u00eda en Filosof\u00eda de la Ciencia (UAM-Iz.) Titulaci\u00f3n en 1991. Maestr\u00eda en Biof\u00edsica (Universidad de California-Berkeley, USA.) Titulaci\u00f3n en 1979.<\/p><p>Publicaciones recientes<\/p><p class=\"p1\">a) C\u00edntora, A. (2018). Desencuentros esc\u00e9ptico-inductivos: \u00bf Disuelve la inducci\u00f3n material el problema de la inducci\u00f3n?.\u00a0<i>Ludus Vitalis<\/i>,\u00a0<i>26<\/i>(49), 111-118. b) C\u00edntora, A. (2018). \u00bfPodemos justificar la democracia liberal como una mejor alternativa a la epistocracia-meritocr\u00e1tica china?. En A. Estand y M. Gensollen (coords.),\u00a0<i>Democracia y conocimiento (<\/i>pp. 261-280<i>)<\/i>, Mexico: Universidad Aut\u00f3noma de Aguascalientes\/Universitat Aut\u00f3noma de Barcelona. c) C\u00edntora, A. (2017). El disenso axiol\u00f3gico entre realistas y antirracistas cient\u00edficos.\u00a0<i>Praxis Filos\u00f3fica<\/i>, (45), 11-23.<\/p><p>https:\/\/www.researchgate.net\/profile\/Armando_Cintora<\/p>                    <\/div>\n\t\t        \n                    <div id=\"godfrey-guillaumin-jurez-tab\" class=\"clearfix eael-tab-content-item inactive\" data-title-link=\"godfrey-guillaumin-jurez-tab\">\n\t\t\t\t        <p><img decoding=\"async\" class=\" wp-image-443 alignleft\" src=\"http:\/\/dcsh.izt.uam.mx\/posgrado\/humanidades\/wp-content\/uploads\/2020\/12\/unnamed.jpg\" alt=\"\" width=\"129\" height=\"189\" \/><\/p><p>Doctorado en Filosof\u00eda por la Facultad de Filosof\u00eda y Letras, UNAM, 1997.<\/p><p>L\u00edneas de investigaci\u00f3n: epistemolog\u00eda hist\u00f3rica; teor\u00eda de la argumentaci\u00f3n; epistemolog\u00eda del pragmatismo; historia y filosof\u00eda de la astronom\u00eda (particularmente medici\u00f3n cient\u00edfica).<\/p><p>\u00a0Publicaciones relevantes:<\/p><p>Guillaumin, G. (2018). Los pecados (historiogr\u00e1ficos) de los padres.\u00a0<i>Revista Colombiana de Filosof\u00eda de la Ciencia<\/i>,\u00a0<i>18<\/i>(37), 23-52.. \u2022<\/p><p>Guillaumin, G. (2018). La revoluci\u00f3n silenciosa o la ignorada funci\u00f3n de la medici\u00f3n en la revoluci\u00f3n cient\u00edfica.\u00a0<i>Oficio Revista de Historia e Interdisciplina<\/i>, (7), 7-30.<\/p><p>\u201cScientific Measurement as Cognitive Integration. The Role of Cognitive Integration in the Growth of Scientific Knowledge\u201d en Alfred Normann y Nicola M\u00f6ssner.\u00a0<em>Reasoning in Measurement<\/em>. London: Routledge, 2015.<\/p><p><em>G\u00e9nesis de la medici\u00f3n celeste. Una historia cognitiva del crecimiento de la medici\u00f3n cient\u00edfica. M\u00e9xico<\/em>: Tirant lo blanch\/UAMI, 2016.<\/p><p>\u00a0<\/p>                    <\/div>\n\t\t        \n                    <div id=\"gustavo-leyva-martnez-tab\" class=\"clearfix eael-tab-content-item inactive\" data-title-link=\"gustavo-leyva-martnez-tab\">\n\t\t\t\t        <p><img loading=\"lazy\" decoding=\"async\" class=\" wp-image-206 alignleft\" src=\"http:\/\/dcsh.izt.uam.mx\/posgrado\/humanidades\/wp-content\/uploads\/2020\/05\/Gustavo-Leyva-Mart\u00c3\u00adnez..jpg\" alt=\"\" width=\"149\" height=\"189\" \/><\/p><p>Profesor e Investigador de Tiempo Completo del Departamento de Filosof\u00eda de la Universidad Aut\u00f3noma Metropolitana-Iztapalapa desde 1991. Estudios de Maestr\u00eda en Roman\u00edstica y Doctorado en Filosof\u00eda en la Eberhard-Karls-Universit\u00e4t T\u00fcbingen en T\u00fcbingen, Alemania. Conclusi\u00f3n de Estudios de Doctorado en 1997 bajo la Asesor\u00eda del Prof. Dr. R\u00fcdiger Bubner y del Prof. Dr. G\u00fcnter Figal. Examen Doctoral realizado con estos dos profesores y con los Profesores Dr. Otfried H\u00f6ffe y Dr. Herbert Keuth.\u00a0<em>Magna cum laude<\/em>\u00a0en la Disertaci\u00f3n Doctoral y\u00a0<em>summa cum laude<\/em>\u00a0en el Examen Oral (<em>Rigorosum<\/em>). Estancia Postdoctoral en el Philosophisches Seminar de la Ruprecht-Karls-Universit\u00e4t Heidelberg en el marco de una Beca de la Fundaci\u00f3n Alexander von Humboldt (2001-2003) combinada con asistencia al Coloquio de Investigaci\u00f3n del Prof. Axel Honneth\u00a0 en el Institut f\u00fcr Philosophie de la Johann Wolfgang Goethe-Universit\u00e4t Frankfurt am Main. Profesor e Investigador en la Universidade Federal do ABC (Brasil) \u2013 Centro de Ci\u00eancias Naturais e Humanas (2013-2014).<\/p><p>Entre sus publicaciones destacan\u00a0<em>Intersubjetividad y Gusto\u00a0<\/em>(M\u00e9xico: Miguel \u00c1ngel Porr\u00faa-UAM, 2002), as\u00ed como sus ediciones de\u00a0<em>Pol\u00edtica, identidad y narraci\u00f3n (<\/em>M\u00e9xico: Miguel \u00c1ngel Porr\u00faa-UAM, 2003),\u00a0<em>La Teor\u00eda Cr\u00edtica y las tareas actuales de la cr\u00edtica\u00a0<\/em>(Barcelona: Anthropos-UAM, 2005),\u00a0<em>La Filosof\u00eda de la Acci\u00f3n\u00a0<\/em>(Madrid: S\u00edntesis-UAM,\u00a02008),\u00a0<em>Cosmopolitismo<\/em>.\u00a0<em>Democracia en la era de la globalizaci\u00f3n\u00a0<\/em>(coeditado con Dulce Mar\u00eda Granja:\u00a0Barcelona: Anthropos-UAM,\u00a02009),\u00a0<em>\u00bfExiste el orden? La norma, la ley y la transgresi\u00f3n<\/em>\u00a0(coeditado con Ram\u00f3n Alvarado y Sergio P\u00e9rez Cort\u00e9s:\u00a0Barcelona: Anthropos-UAM,\u00a02010),\u00a0<em>Independencia y Revoluci\u00f3n: Pasado, Presente y Futuro<\/em>\u00a0(coeditado con Brian Connaughton, Rodrigo D\u00edaz, N\u00e9stor Garc\u00eda Canclini y Carlos Illades: M\u00e9xico: FCE-UAM,\u00a02010) y\u00a0<em>Tratado de Metodolog\u00eda de las Ciencias Sociales<\/em>\u00a0(coeditado con Enrique de la Garza, M\u00e9xico: FCE-UAM, 2012).<\/p><p><strong>Principales L\u00edneas de Investigaci\u00f3n:<\/strong><\/p><p>a.\u00a0\u00a0<em>Hist\u00f3rico-sistem\u00e1tica<\/em>s:<\/p><p>a.1.\u00a0<em>Estudio del surgimiento, recepci\u00f3n y cr\u00edtica del Idealismo Alem\u00e1n de Kant a Nietzsche<\/em>.<\/p><p>a.2.\u00a0<em>Fenomenolog\u00eda, Hermen\u00e9utica y Teor\u00eda Cr\u00edtica<\/em>:\u00a0 Investigaci\u00f3n en torno a las relaciones entre Fenomenolog\u00eda, Hermen\u00e9utica y Teor\u00eda Cr\u00edtica en las \u00e1reas de Filosof\u00eda Pr\u00e1ctica, Est\u00e9tica y Filosof\u00eda de la Historia atendiendo a la discusi\u00f3n con algunas vertientes de la Filosof\u00eda Anal\u00edtica, el Postestructuralismo\u00a0 y el Pragmatismo.<\/p><p>b.\u00a0\u00a0<em>Sistem\u00e1ticas<\/em>:<\/p><p>b.1.\u00a0<em>\u00c9tica y Filosof\u00eda Pol\u00edtica<\/em>: Recepci\u00f3n y cr\u00edtica de la filosof\u00eda cl\u00e1sica alemana en el debate filos\u00f3fico contempor\u00e1nea de la \u00c9tica y la Filosof\u00eda Pol\u00edtica. Se trata aqu\u00ed de las discusiones generadas en el interior de y a partir de la filosof\u00eda en lengua alemana de Kant a Habermas y su recepci\u00f3n y cr\u00edtica en el debate contempor\u00e1neo<\/p><p>b.2.\u00a0<em>Filosof\u00eda de las Ciencias Sociales<\/em>: Investigaci\u00f3n sobre las l\u00edneas de reflexi\u00f3n asociadas a la Fenomenolog\u00eda, la Hermen\u00e9utica, la Teor\u00eda Cr\u00edtica, el Postestructuralismo, la Filosof\u00eda Anal\u00edtica y el Pragmatismo.<\/p><p>Correo: leyv@xanum.uam.mx<br \/>gustavoleyva@prodigy.net.mx<\/p>                    <\/div>\n\t\t        \n                    <div id=\"jorge-martnez-contreras-tab\" class=\"clearfix eael-tab-content-item inactive\" data-title-link=\"jorge-martnez-contreras-tab\">\n\t\t\t\t        <p><img loading=\"lazy\" decoding=\"async\" class=\" wp-image-2359 alignleft\" src=\"http:\/\/dcsh.izt.uam.mx\/posgrado\/humanidades\/wp-content\/uploads\/2023\/06\/Jorge-Martinez-200x300.jpg\" alt=\"\" width=\"139\" height=\"209\" srcset=\"https:\/\/dcsh.izt.uam.mx\/posgrado\/humanidades\/wp-content\/uploads\/2023\/06\/Jorge-Martinez-200x300.jpg 200w, https:\/\/dcsh.izt.uam.mx\/posgrado\/humanidades\/wp-content\/uploads\/2023\/06\/Jorge-Martinez.jpg 480w\" sizes=\"(max-width: 139px) 100vw, 139px\" \/>Licenciado en Letras con especialidad en Filosof\u00eda por la Sorbona. Doctor en Filosof\u00eda por la Sorbona (Par\u00eds IV).<\/p><p>Miembro del Sistema Nacional de Investigadores, nivel II.<\/p><p>Profesor del Departamento de Filosof\u00eda de la UAM-Iztapalapa desde 1974. Ha sido profesor e investigador en la Universidad Aut\u00f3noma del Estado de M\u00e9xico (UAEM), la Escuela Nacional de Econom\u00eda, la Facultad de Filosof\u00eda y Letras de la UNAM, la Escuela de Filosof\u00eda y Letras de la Universidad Aut\u00f3noma de Puebla (UAP), la Facultad de Filosof\u00eda y Letras de la Universidad de Bourgogne, el Centro de Investigaci\u00f3n en Historia de la Ciencia y de la Tecnolog\u00eda de La Villette, Par\u00eds y el Instituto de Filosof\u00eda del Consejo Superior de Investigaciones Superiores de Madrid. Fue secretario acad\u00e9mico fundador de la Divisi\u00f3n de Ciencias Sociales y Humanidades de la UAM-Iztapalapa, director de la misma divisi\u00f3n y rector del plantel, Coordinador de la Maestr\u00eda en Filosof\u00eda de la Ciencia en la misma Instituci\u00f3n.<\/p><p>L\u00edneas de investigaci\u00f3n: Epistemolog\u00eda de la primatolog\u00eda, conservaci\u00f3n y restauraci\u00f3n ecol\u00f3gica, ciencia y conciencia, \u00e9tica y epistemolog\u00eda, problemas de la epistemolog\u00eda de las ciencias emp\u00edricas.<\/p><p>Organizador de numerosos coloquios nacionales e internacionales. Entre sus traducciones \u00a0destacan una entrevista y un texto in\u00e9dito de Jean-Paul Sartre. Su m\u00e1s reciente publicaci\u00f3n: Senderos de la conservaci\u00f3n y la \u00a0restauraci\u00f3n ecol\u00f3gica. Actualmente tiene dos libros en prensa: Estudios primatol\u00f3goicos IV y Los Exilios del Siglo XX.<\/p><p>Publicaciones recientes:<\/p><ul><li class=\"p1\">Mart\u00ednez Contreras, J. (2019). Introducci\u00f3n cient\u00edfica y Acercamiento a los or\u00edgenes del concepto de etolog\u00eda en el siglo XIX y de la observaci\u00f3n de campo etol\u00f3gica durante la Ilustraci\u00f3n<span class=\"s1\">;\u00a0<\/span><span class=\"s2\">ambos en J. Mart\u00ednez Contreras y E. Rodr\u00edguez Luna, (coords.) Intencionalidad y evoluci\u00f3n: el impacto humano sobre la biodiversidad, (en prensa en eBook Univ Veracruzana).<\/span><\/li><li class=\"p1\"><span class=\"s3\">Mart\u00ednez Contreras, J. (2019b)\u00a0<\/span>Introducci\u00f3n del libro\u00a0<i>Gobernanza y participaci\u00f3n universitaria<\/i>, Jaqueline del C. J. y Miguel A. C. (eds). Universidad Veracruzana.<\/li><li class=\"p1\"><span class=\"s1\">Mart\u00ednez Contreras, J. (2018).\u00a0<\/span>Critique des critiques de Gayon sur l\u2019id\u00e9e de diff\u00e9rents \u201cmodes\u00bb d\u2019\u00e9volution culturelle. En F. Merlin y p. Huneman (\u00e9ds.),\u00a0<i>Philosophie, histoire, biologie\u00a0<\/i>(pp. 305-3016)<i>.\u00a0<\/i>Mat\u00e9riologiques.<\/li><\/ul><p>Correo: jomaco@xanum.uam.mx<\/p>                    <\/div>\n\t\t        \n                    <div id=\"jos-de-teresa-ochoa-tab\" class=\"clearfix eael-tab-content-item inactive\" data-title-link=\"jos-de-teresa-ochoa-tab\">\n\t\t\t\t        <p><img loading=\"lazy\" decoding=\"async\" class=\" wp-image-437 alignleft\" src=\"http:\/\/dcsh.izt.uam.mx\/posgrado\/humanidades\/wp-content\/uploads\/2020\/12\/SAVE_20200309_161024.jpg\" alt=\"\" width=\"156\" height=\"163\" \/><\/p><p><strong>Trayectoria acad\u00e9mica<\/strong><\/p><p>Doctorado en\u00a0 Filosof\u00eda (UNAM, Ciudad de M\u00e9xico). Titulaci\u00f3n 1998.<\/p><p>Maestr\u00eda en Humanidades, l\u00ednea de Filosof\u00eda de la Ciencia (UAM-I, Ciudad de M\u00e9xico).<\/p><p>Maestr\u00eda en Filosof\u00eda (UNAM, Ciudad de M\u00e9xico).<\/p><p>Licenciatura en Filosof\u00eda (UNAM, Ciudad de M\u00e9xico). Titulaci\u00f3n 1984.<\/p><p><strong>L\u00edneas\u00a0<\/strong><strong>de Investigaci\u00f3n<\/strong><\/p><p>Filosof\u00eda Racionalista, Epistemolog\u00eda, Escepticismo, Kant, Descartes, Plat\u00f3n.<\/p><p><strong>Publicaciones relevantes<\/strong><\/p><p class=\"p1\">De Teresa, J. (2018). El argumento fundamental de la metaf\u00edsica cartesiana: hacia una interpretaci\u00f3n dial\u00e9ctica.\u00a0<i>Di\u00e1noia<\/i>,\u00a0<i>63<\/i>(81), 85-107<\/p><p class=\"p1\">De Teresa, J. (2017). Plat\u00f3n y la prueba cartesiana de los principios: \u00bfPor qu\u00e9 da Descartes tres pruebas de la existencia de Dios?. En L. Ben\u00edtez, L. Toledo y A. Vel\u00e1zquez (eds.),\u00a0<i>Claves del platonismo en la modernidad temprana: Metaf\u00edsica, ciencia, \u00e9tica, epistemolog\u00eda e historiograf\u00eda\u00a0<\/i>(pp. 279-302)\u00a0<i>.\u00a0<\/i>UNAM<\/p><p class=\"p1\">\u201cLa respuesta de Luis Villoro al escepticismo en\u00a0<i>La idea y el ente<\/i>\u2026\u00bb<i>.\u00a0<\/i>En G. Leyva y J. Rend\u00f3n (coords.),\u00a0<i>Luis Villoro: Filosof\u00eda, historia y pol\u00edtica\u00a0<\/i>(pp. 75-90)<i>.\u00a0<\/i>UAM.<\/p><p>De Teresa, Jos\u00e9 y A. C\u00edntora (Eds.) Metametodolog\u00eda. \u00a0La justificaci\u00f3n de la deducci\u00f3n. UAM-Iztapalapa: M\u00e9xico, aceptada para publicarse en 2007.<\/p><p>De Teresa, Jos\u00e9. \u00a0Descartes. Breve introducci\u00f3n a su pensamiento. UAM: M\u00e9xico, 2007. \u00a0217pp. \u00a0ISBN: 978-970-31-0461-1<\/p><p>De Teresa, Jos\u00e9. \u00a0Pruebas cartesianas, UAM-Plaza y Vald\u00e9s: M\u00e9xico, 2002. 209 pp. ISBN: 968-856-991-7<\/p><p>2007: \u00a0\u201dUna estrategia para el tratamiento de problemas fundamentales\u201c, en: De Teresa, J. y A. C\u00edntora (Comps.) Meta-metodolog\u00eda. La justificaci\u00f3n de la deducci\u00f3n, UAM-I (en prensa).<\/p><p>2008: \u00a0\u201dUna cr\u00edtica a la teor\u00eda de David Hume sobre la justificaci\u00f3n discursiva\u201c Dianoia. UNAM (en prensa).<\/p><p>Correo: jmte@xanum.uam.mx<\/p>                    <\/div>\n\t\t        \n                    <div id=\"max-fernndez-de-castro-tapia-tab\" class=\"clearfix eael-tab-content-item inactive\" data-title-link=\"max-fernndez-de-castro-tapia-tab\">\n\t\t\t\t        <p><img loading=\"lazy\" decoding=\"async\" class=\"size-full wp-image-506 alignleft\" src=\"http:\/\/dcsh.izt.uam.mx\/posgrado\/humanidades\/wp-content\/uploads\/2022\/03\/Max.jpg\" alt=\"\" width=\"132\" height=\"177\" \/>Profesor e investigador de tiempo completo del Departamento de Filosof\u00eda de la Universidad Aut\u00f3noma Metropolitana (Iztapalapa)<\/p><p><strong>Estudios Profesionales<\/strong>:<br \/>Matem\u00e1tico por la Facultad de Ciencias (U. N. A. M). Maestr\u00eda en Filosof\u00eda (Facultad de Filosof\u00eda y Letras (U. N. A. M). Tesis: \u201cLa filosof\u00eda de las matem\u00e1ticas en la obra tard\u00eda de Wittgenstein\u201d dirgida por el Dr. Carlos Alvarez. D. E. A. Historia y Filosof\u00eda de Ciencias. 1994-1995.<\/p><p>Memoria\u00a0: \u00ab\u00a0La philosophie des math\u00e9matiques chez Imre Lakatos\u00a0\u00bb<\/p><p>Doctorado en Filosof\u00eda por la Universidad de Par\u00eds I-Sorbonne (a\u00f1o 2000). Tesis:<strong>\u00a0<\/strong>\u00ab\u00a0La solution de Quine au probl\u00e8me de l\u2019acceptation d\u2019une ontologie abstraite dans le cadre de l\u2019empirisme\u00a0\u00bb dirigida por Hourya Benis-Sinaceur. Menci\u00f3n \u00ab\u00a0Tr\u00e8s honorable avec des f\u00e9licitations du jury \u00e0 l\u2019unanimit\u00e9\u00a0\u00bb.<\/p><p>Miembro del SNI. Nivel 1.<\/p><p><strong>Temas de especializaci\u00f3n:<\/strong><br \/>Filosof\u00eda de las matem\u00e1ticas, L\u00f3gica Epist\u00e9mica.<\/p><p>Publicaciones recientes:<\/p><p class=\"p1\">Fern\u00e1ndez de Castro, M. (2019). Frege et Dedekind et les Vari\u00e9t\u00e9s du Logicisme.\u00a0<i>Sphere: Sciences, Philosophie, Histoire<\/i>.<\/p><p class=\"p1\">Fern\u00e1ndez de Castro, M. y Torres Falc\u00f3n, Y. (2018). La constituci\u00f3n del programa de Hilbert.\u00a0<i>Metatheoria<\/i>.<\/p><p class=\"p1\">Fern\u00e1ndez de Castro, M. (2018). The controversy between Frege and Hilbert.\u00a0<i>Revista De Filosof\u00eda De La Universidad De Costa Rica<\/i>, 57(147), 113-128.<\/p><p><strong>Entre sus publicaciones destacan:<\/strong><br \/><em>L\u00f3gica Elemental<\/em>, U. A. M., M\u00e9xico, 1996. (En coautor\u00eda con Yolanda Torres Falc\u00f3n, Luis Felipe Segura y Asunci\u00f3n Preisser)<\/p><p><em>Quine y la Ontolog\u00eda Abstracta<\/em>, U. A. M.-Porr\u00faa, M\u00e9xico, 2003.<\/p><p><em>L\u00f3gica Matem\u00e1tica I: L\u00f3gica Proposicional, Intuicionista y Modal<\/em>. Universidad Aut\u00f3noma Metropolitana, 2011. En coautor\u00eda con Luis Miguel Villegas Silva<\/p><p><em>L\u00f3gica Matem\u00e1tica II: Cl\u00e1sica, Intuicionista y Modal<\/em>. Universidad Aut\u00f3noma Metropolitana, 2011. En coautor\u00eda con\u00a0 Luis Miguel Villegas Silva<\/p><p><em>Teor\u00eda de Conjuntos, L\u00f3gica y Temas Afines I,<\/em>\u00a0Universidad Aut\u00f3noma Metropolitana, 2013. En coautor\u00eda con Luis Miguel Villegas Silva.<\/p><p>De pr\u00f3xima publicaci\u00f3n:<\/p><p><em>Introducci\u00f3n a la Filosof\u00eda del Lenguaje,\u00a0<\/em>Universidad Aut\u00f3noma Metropolitana. En co-tutor\u00eda con Silvio Mota y Marco Ruffino.<\/p><p><em>Teor\u00eda de Conjuntos, L\u00f3gica y Temas Afines II,<\/em>\u00a0Editorial: Universidad Aut\u00f3noma Metropolitana. En coautor\u00eda con Luis Miguel Villegas Silva<\/p><p>Correo: xamf_mx@yahoo.com.<\/p>                    <\/div>\n\t\t        \n                    <div id=\"marc-jimnez-rolland-tab\" class=\"clearfix eael-tab-content-item inactive\" data-title-link=\"marc-jimnez-rolland-tab\">\n\t\t\t\t        <p><img loading=\"lazy\" decoding=\"async\" class=\" wp-image-4303 alignleft\" src=\"https:\/\/dcsh.izt.uam.mx\/posgrado\/humanidades\/wp-content\/uploads\/2025\/06\/Fotografia-243x300.jpg\" alt=\"\" width=\"192\" height=\"237\" srcset=\"https:\/\/dcsh.izt.uam.mx\/posgrado\/humanidades\/wp-content\/uploads\/2025\/06\/Fotografia-243x300.jpg 243w, https:\/\/dcsh.izt.uam.mx\/posgrado\/humanidades\/wp-content\/uploads\/2025\/06\/Fotografia.jpg 549w\" sizes=\"(max-width: 192px) 100vw, 192px\" \/><\/p><p><strong>Trayectoria acad\u00e9mica:<\/strong><\/p><ul><li>Licenciatura en Filosof\u00eda, por la UAA (2006).<\/li><li>Maestr\u00eda en Filosof\u00eda, por la UAZ (2012).<\/li><li>Doctorado en Humanidades (Filosof\u00eda de las Ciencias y del Lenguaje), por la UAM-I (2017).<\/li><li>Miembro del SNII, nivel I.<\/li><\/ul><p><strong>L\u00edneas de investigaci\u00f3n: e<\/strong>pistemolog\u00eda formal, realismo cient\u00edfico, epistemolog\u00eda social aplicada.<\/p><p><strong>Publicaciones recientes:<\/strong><\/p><ul><li>Jim\u00e9nez-Rolland, M. (2025). \u00abArguing in the face of disagreement: Is it worth it?\u00bb<br \/>Episteme (FirstView): 1-17. https:\/\/doi.org\/10.1017\/epi.2025.10049<\/li><li>Gensollen, M. y Jim\u00e9nez-Rolland, M. (2025). \u00abLa argumentaci\u00f3n en las ciencias\u00bb. Revista<br \/>Iberoamericana de Argumentaci\u00f3n, 30: 82-95.<\/li><li>Jim\u00e9nez-Rolland, M. (2024). \u00abNaturalizing Skepticism\u00bb. Metaphilosophy, 55(3): 301-315.<\/li><li>Jim\u00e9nez-Rolland, M. (2024). \u00abRealismo cient\u00edfico en biomedicina: la metaf\u00edsica de la<br \/>medicina\u00bb. En M. Gensollen, J. A. Mosqueda &amp;amp; A. Sans Pinillos (eds.). La medicina<br \/>en vivo. Cuestiones filos\u00f3ficas sobre la salud y la enfermedad. M\u00e9xico: UAA. pp. 69-<br \/>88.<\/li><li>Jim\u00e9nez-Rolland, M. &amp;amp; Gensollen, M. (2022). \u00abWhat Neuroscience tells us about Mental<br \/>Illness: Scientific Realism in the Biomedical Sciences\u00bb. RHV. An International<br \/>Journal of Philosophy, 20: 119-140.<\/li><li>Gensollen, M. &amp;amp; Jim\u00e9nez-Rolland, M. (2022). \u00abCiencia ciudadana: pluralidad cient\u00edfica y<br \/>pensamiento cr\u00edtico\u00bb. Ciencia ergo-sum, 29(2): e164.<\/li><li>Jim\u00e9nez-Rolland, M.; Mac\u00edas-Ponce, J.C.; and Mart\u00ednez-\u00c1lvarez, L.F. (2022). \u00abUsing<br \/>Simulation in the Assessment of Voting Procedures: An Epistemic Instrumental<br \/>Approach\u00bb. Simulation: Transactions of the Society for Modelling and Simulation<br \/>International, 98 (2): 127-144.<\/li><li>Jim\u00e9nez-Rolland, M. (2021). \u00abDise\u00f1o epist\u00e9mico de m\u00e9todos de votaci\u00f3n: lecciones<br \/>matem\u00e1ticas para la democracia\u00bb. En A. Estany &amp;amp; M. Gensollen (eds.). Dise\u00f1o<br \/>institucional e innovaciones democr\u00e1ticas. M\u00e9xico: UAB-UAA. pp. 99-121.<\/li><li>Gensollen, M. &amp;amp; Jim\u00e9nez-Rolland, M. (2021). \u00abCreativity, Humour, and Cognition\u00bb.<br \/>Debats. Revista de cultura, poder i societat, Anual Review 6 (Special Issue 2): 107-<br \/>119.<\/li><li>Gensollen, M. &amp;amp; Jim\u00e9nez-Rolland, M. (2021). \u00abGiere\u2019s Scientific Perspectivism as Carte<br \/>Blanche Realism\u00bb. ArtefaCToS. Revista de estudios de la ciencia y la tecnolog\u00eda, 10<br \/>(1): 61-74.<\/li><li>Jim\u00e9nez-Rolland, M. (2020). \u00abUn alegato a favor del enfoque l\u00f3gico en la teor\u00eda de la<br \/>argumentaci\u00f3n\u00bb. Quadripartita ratio, 10: 21-35.<\/li><li>Jim\u00e9nez Rolland, M. (2018). \u00abConocimiento y justificaci\u00f3n en la epistemolog\u00eda<br \/>democr\u00e1tica\u00bb. En A. Estany &amp;amp; M. Gensollen (eds.). Democracia y conocimiento.<br \/>M\u00e9xico: UAB-UAA-IMAC. pp. 153-182.<br \/>Gensollen, M. &amp;amp;<\/li><li>Jim\u00e9nez Rolland, M. (2018). \u00abLa ciencia como un punto de vista: algunos<br \/>desaf\u00edos a la objetividad cient\u00edfica\u00bb. Daimon. Revista Internacional de Filosof\u00eda, 75:<br \/>43-57.<\/li><\/ul><p><strong>Correo electr\u00f3nico:<\/strong> mjrolland@izt.uam.mx<\/p>                    <\/div>\n\t\t        \n                    <div id=\"slvio-jos-mota-pinto-tab\" class=\"clearfix eael-tab-content-item inactive\" data-title-link=\"slvio-jos-mota-pinto-tab\">\n\t\t\t\t        <p class=\"p1\"><span class=\"Apple-converted-space\"><img loading=\"lazy\" decoding=\"async\" class=\" wp-image-438 alignleft\" src=\"http:\/\/dcsh.izt.uam.mx\/posgrado\/humanidades\/wp-content\/uploads\/2020\/12\/Silvio.jpg\" alt=\"\" width=\"171\" height=\"171\" \/>\u00a0<\/span><\/p><p><strong>L\u00edneas de investigaci\u00f3n<\/strong><\/p><p>Filosof\u00eda del lenguaje, filosof\u00eda de la mente, filosof\u00eda de la matem\u00e1tica, filosof\u00eda moderna, Kant, empirismo, epistemolog\u00eda, Davidson, Wittgenstein.<\/p><p><strong>Trayectoria acad\u00e9mica<\/strong><\/p><p>Postdoctorado en Filosof\u00eda (UNAM, Ciudad de M\u00e9xico).<\/p><p>Doctorado en Filosof\u00eda (Kings College London, Londres). Titulaci\u00f3n 1998.<\/p><p>Maestr\u00eda en Filosof\u00eda (Universidad Estadual de Campinas, Sao Paulo). Titulaci\u00f3n 1991.<\/p><p>Licenciatura en F\u00edsica (Universidad Estadual de Campinas, Sao Paulo). Titulaci\u00f3n 1986.<\/p><p><strong>Publicaciones recientes<\/strong><\/p><p class=\"p1\">Mota Pinto, S. (2019). La intencionalidad y la paradoja sobre seguir una regla.\u00a0<i>Revista de la Sociedad Filos\u00f3fica del Uruguay<\/i>,\u00a0<i>2\u00a0<\/i>(3).<\/p><p class=\"p1\">Mota Pinto, S., Fernandez de Castro, M. y Ruffino, M. (2018). Introducci\u00f3n a la Filosof\u00eda del Lenguaje.\u00a0<i>Signos<\/i>\/ UAM<i>.<\/i><\/p><p class=\"p1\">Mota Pinto, S. (2017). Hume, Kant y Kierkegaard sobre el fundamento de la religi\u00f3n.\u00a0<i>Signos filos\u00f3ficos<\/i>,\u00a0<i>19<\/i>(38), 34-61<\/p><p>\u201cDos aspectos del razonamiento abductivo\u00bb (2008), THEORIA, ISSN 0495-4548, por aparecer.<\/p><p>\u201cEl realismo y la fijaci\u00f3n de la referencia\u00bb (2007), en Manuscrito, ISSN 0100-6045, por aparecer.<\/p><p>\u201cBertrand Russell y el an\u00e1lisis filos\u00f3fico a partir de \u201cOn denoting\u00bb\u00bb (2007), libro colectivo: S\u00edlvio Pinto (ed.) (M\u00e9xico: Juan Pablo\u2019s\/UAM-Iztapalapa), por aparecer<\/p><p>\u201cCasos de irreducibilidad y el axioma de reducibilidad\u00bb (2007), en el libro \u201cBertrand Russell y el an\u00e1lisis filos\u00f3fico a partir de \u201cOn denoting\u00bb\u00bb (2007), libro colectivo: S\u00edlvio Pinto (ed.) (M\u00e9xico: Juan Pablo\u2019s\/UAM-Iztapalapa), por aparecer<\/p><p>\u201cEl principio del significado de Russell y su teor\u00eda de la memoria\u00bb (2007), en el libro Bertrand Russell y el an\u00e1lisis filos\u00f3fico a partir de On denoting (2007), libro colectivo: S\u00edlvio Pinto (ed.) (M\u00e9xico: Juan Pablo\u2019s\/UAM-Iztapalapa), por aparecer<\/p><p>\u201cSobre una posible justificaci\u00f3n trascendental de la inducci\u00f3n\u00bb (2007) en el libro Racionalidad te\u00f3rica y racionalidad pr\u00e1ctica en la ciencia, Ana Rosa P\u00e9rez Ransanz y Ambrosio Velasco (eds.) (M\u00e9xico: FFyL-UNAM), por aparecer<\/p><p>\u201cHacia una justificaci\u00f3n trascendental de la inducci\u00f3n\u00bb (2007), en Signos Filos\u00f3ficos, ISSN 1665-1324, vol. 9 (2), n\u00b0 18, pp. 127-160. \u00a0<\/p><p>\u201cUn argumento trascendental para la inducci\u00f3n\u00bb (2007) THEORIA, ISSN 0495-4548.<\/p><p>Tesis dirigidas recientemente<\/p><p>\u201cPsicolog\u00eda popular: teor\u00eda-teor\u00eda o teor\u00eda de la simulaci\u00f3n\u00bb Carlos Hern\u00e1ndez Mercado, UNAM.<\/p><p>\u201cEl modelo cu\u00e1ntico de la conciencia de Hameroff y Penrose\u00bb Israel Grande Garc\u00eda, UAM-I.<\/p><p>\u201cFuncionalismo y Qualia\u00bb Alfonso Arriaga UAM-I.<\/p><p>\u201cDe la racionalidad en la ciencia y en el mito\u00bb Javier Noguez Noguez<\/p><p>\u201cUna respuesta pragm\u00e1tica al problema de la comunicaci\u00f3n\u00bb Ang\u00e9lica Romero Luna, UAM-I.<\/p><p>\u201cCausalidad y Yo en Descartes, Hume y Kant\u00bb Alejandra Manzanos, UAM-I.<\/p><p>\u201cNihilismo: una enfermedad de la cultura occidental\u00bb Karla Puga P\u00e9rez, UAM-I.<\/p><p>\u201cLas pasiones en Arist\u00f3teles, Hobbes y Hume\u00bb Violeta L\u00f3pez Garc\u00eda, UAM-I.<\/p><p>Correo: pint@xanum.uam.mx\u00a0<\/p>                    <\/div>\n\t\t        \n                    <div id=\"yolanda-torres-falcn-tab\" class=\"clearfix eael-tab-content-item inactive\" data-title-link=\"yolanda-torres-falcn-tab\">\n\t\t\t\t        <p><img loading=\"lazy\" decoding=\"async\" class=\" wp-image-439 alignleft\" src=\"http:\/\/dcsh.izt.uam.mx\/posgrado\/humanidades\/wp-content\/uploads\/2020\/12\/Yolanda.jpg\" alt=\"\" width=\"152\" height=\"202\" \/><\/p><p>Doctora en Matem\u00e1ticas por la London School of Economics. Licenciada, y posteriormente Maestra, en Matem\u00e1ticas por la Universidad Nacional Aut\u00f3noma de M\u00e9xico.<\/p><p>Es miembro del Sistema Nacional de Investigadores, Nivel 1.<\/p><p>Sus l\u00edneas de investigaci\u00f3n son la Fi<span style=\"font-weight: 400\">losof\u00eda de la L\u00f3gica, la F<\/span>ilosof\u00eda de las Matematicas y la L\u00f3gica de primer orden, Modal, Epist\u00e9mica, No-Cl\u00e1sicas.<\/p><p><strong>Publicaciones<\/strong><\/p><p>2004 AN EXAMPLE OF A SIGMACOMPACT MONOTHETIC GROUP WHICH IS NOT COMPACTLY GENERATED<\/p><p>2002 TEOREMAS LIMITATIVOS DE LA LOGICA CLASICA<\/p><p>2002 POTENCIAS DE CARDINALES SINGULARES<\/p><p>2002 UNIONS OF CHAINS IN DYADIC COMPACT SPACES AND TOPOLOGICAL GROUPS<\/p><p>2001 UNIONS OF CHAINS OF SUBGROUPS OF TOPOLOGICAL GROUPS<\/p><p>1998 INTRODUCCION A LOS ESPACIOS LINEALMENTE ORDENADOS<\/p><p>1995 OMINIMALIDAD<\/p><p>1994 LA LOGICA MATEMATICA ARTE, CIENCIA O LENGUAJE<\/p><p>1989 PRINCIPIOS DE NORMALIZACION<\/p><p>1987 ESTABILIDAD PARA TODOS<\/p>                    <\/div>\n\t\t        \n                    <div id=\"mario-casanueva-lpez-ncleo-complementario-tab\" class=\"clearfix eael-tab-content-item inactive\" data-title-link=\"mario-casanueva-lpez-ncleo-complementario-tab\">\n\t\t\t\t        <p>Originalmente licenciado en Biolog\u00eda Experimental por la UAM-Iztapalapa, obtuvo el grado de maestro en Filosof\u00eda de la Ciencia (1992) en la UAM-Iztapalapa y el de Doctor en Filosof\u00eda de la Ciencia (1999) en la Universitat Aut\u00f2noma de Barcelona. A su regreso del doctorado, se reincorpor\u00f3 como profesor investigador del Departamento de Filosof\u00eda de la UAM-Iztapalapa donde desempe\u00f1\u00f3 los cargos de Coordinador de la L\u00ednea de Historia y Filosof\u00eda de la Ciencia del Posgrado en Humanidades, Coordinador General del Posgrado en Humanidades y Jefe del \u00c1rea de L\u00f3gica y Filosof\u00eda de la Ciencia. Es miembro del Sistema Nacional de Investigadores desde 1999 y actualmente posee el nivel II. En 2004 recibi\u00f3 el Reconocimiento a Perfil Id\u00f3neo PROMEP.<\/p><p>Ha publicado m\u00e1s de veinticinco art\u00edculos en el campo de la filosof\u00eda de la ciencia en revistas nacionales y extranjeras. Asimismo ha co-editado varias antolog\u00edas tanto en biolog\u00eda como en filosof\u00eda de la ciencia, dentro de \u00e9stas destaca \u201dLa Ciencia y sus m\u00e9todos\u201c (coeditada con Le\u00f3n Oliv\u00e9) y publicada por la SEP. Es especialista en historia y filosof\u00eda de las teor\u00edas gen\u00e9ticas; su libro, Mendeliana, incluye la reconstrucci\u00f3n de tres redes te\u00f3ricas con m\u00e1s de cuarenta especializaciones de las gen\u00e9ticas tempranas. Ha dirigido tesis de licenciatura, maestr\u00eda y doctorado tanto en la UAM como en la UNAM. Ha sido profesor invitado por la Universidad de Buenos Aires y por la Universidad de Barcelona, Espa\u00f1a. Es miembro permanente del Seminario de Problemas Cient\u00edficos y Filos\u00f3ficos, UNAM. Es profesor investigador del Departamento de Humanidades de la UAM-Cuajimalpa y tiene a su cargo la jefatura del mismo.<\/p><p>L\u00edneas de investigaci\u00f3n<\/p><p>\u2013 Din\u00e1mica cient\u00edfica<\/p><p>\u2013 Sistemas de representaci\u00f3n<\/p><p>\u2013 Im\u00e1genes y saberes<\/p><p>Publicaciones recientes<\/p><p>Con D. M\u00e9ndez, G., \u201cTres teor\u00edas y tres niveles en la gen\u00e9tica del Siglo XX\u00bb, en A. Estany (comp.), Ciencias matem\u00e1ticas, naturales y sociales. Enciclopedia Iberoamericana de Filosof\u00eda, Madrid, Ed. Trotta, 2005, pp. 197-224.<\/p><p>Con D. M\u00e9ndez G., \u201dA Reconstuction of Dawin\u00b4s Pangenesis in a Graph Format\u201c, en Ernst Niebergal (ed.), Philosophie der Wissenchaft. Mentis-verlag, Muenchen, Alemania, 2006, pp.157-163.<\/p><p>Con E. Casanueva, \u201dFilosof\u00eda de la Nutriolog\u00eda: una historia que no ha sido\u201c en Ciencia (Revista de la Academia Mexicana de la Ciencia) 58, 2, 2007, pp. 18-24.<\/p><p>\u201dLa Teor\u00eda Cromos\u00f3mica de la Herencia una teor\u00eda interniveles ejemplar\u201c en J. L. Peris (comps.) Desarrollos actuales de la metateor\u00eda estructuralista: problemas y reconstrucciones III, Espa\u00f1a, U. de Granada (en prensa).<\/p><p>\u201dQu\u00e9 es la Biolog\u00eda\u201c, en P\u00e9rez Tamayo, Ruy (ed.) Qu\u00e9 es la vida, M\u00e9xico, Siglo XXI y Seminario de problemas cient\u00edficos y filos\u00f3ficos-UNAM (en prensa), 2008.<\/p><p>Tesis dirigidas<\/p><p>Diego M\u00e9ndez Granados, \u201cContinuos y ordenaciones en ecolog\u00eda vegetal de 1951 a 1992 an\u00e1lisis retrospectivo de una evoluci\u00f3n te\u00f3rico-metodol\u00f3gica\u00bb, Facultad de Ciencias, UNAM, tesis de maestr\u00eda, 1999.<\/p><p>Lourdes Aznawurian Salas, \u201cRealismo cient\u00edfico (una aproximaci\u00f3n cr\u00edtica)\u00bb, UAM-I, tesis de licenciatura, 2000.<\/p><p>Jos\u00e9 Ernesto Marquina F\u00e1brega, \u201cLa tradici\u00f3n de la investigaci\u00f3n newtoniana\u00bb, tesis de doctorado, UAM-I, 2003.<\/p><p>Luis Eduardo Acevedo G\u00f3mez, \u201cEstudio epistemol\u00f3gico del desarrollo del conocimiento acerca de la gen\u00e9tica al incorporar diferentes niveles de la realidad\u00bb, tesis de doctorado, UAM-I, 2004.<\/p><p>Diego M\u00e9ndez Granados, \u201cPaisajes conceptuales de la herencia biol\u00f3gica entre 1865 y 1902. Reconstrucci\u00f3n y ordenamiento de teor\u00edas de la herencia\u00bb, tesis de doctorado, UAM-I, 2006<\/p><p>Correo: mario.casanueva@gmail.com<\/p>                    <\/div>\n\t\t        \n                    <div id=\"lvaro-julio-pelez-cedrs-ncleo-complementario-externo-tab\" class=\"clearfix eael-tab-content-item inactive\" data-title-link=\"lvaro-julio-pelez-cedrs-ncleo-complementario-externo-tab\">\n\t\t\t\t        <p><strong>L\u00edneas de investigaci\u00f3n<\/strong><\/p><p>Filosof\u00eda de la ciencia, Kant, Epistemolog\u00eda.<\/p><p><strong>Trayectoria acad\u00e9mica<\/strong><\/p><p>Doctorado en Filosof\u00eda de la Ciencia, Epistemolog\u00eda, Doctorado Europeo, Universidad del Pa\u00eds Vasco.<\/p><p>Doctorado en Filosof\u00eda de la Ciencia (Instituto de investigaciones filos\u00f3ficas, UNAM).<\/p><p>Maestr\u00eda en Filosof\u00eda de la Ciencia (Instituto de investigaciones filos\u00f3ficas, UNAM).<\/p><p>Licenciatura en Filosof\u00eda (Facultad de Humanidades y Ciencias de la Educaci\u00f3n, Universidad de la Rep\u00fablica, Uruguay).<\/p><p><strong>Publicaciones recientes<\/strong><\/p><p>\u201dCarnap, Neurath, Popper: la cruzada contra el fundacionalismo epistemol\u00f3gico\u201c en Signos Filos\u00f3ficos, supp.11, vol. VI, 2004, pp.53-70.<\/p><p>\u201dCognici\u00f3n como coordinaci\u00f3n en las epistemolog\u00edas de M. Schlick y H. Reichenbach\u201c en Agora. Papeles de filosof\u00eda, Vol. 23, N\u00ba 2, 2004.<\/p><p>\u201dLa filosof\u00eda de la ciencia de Kant\u201c en P\u00e9rez Rans\u00e1nz, A. R. (comp.), Perspectivas y horizontes de la filosof\u00eda de la ciencia a la vuelta del tercer milenio Vol. II, UNAM, 2005.<\/p><p>\u201dIdealizaci\u00f3n, constituci\u00f3n y convenci\u00f3n en la filosof\u00eda de la geometr\u00eda de Henri<\/p><p>Poincar\u00e9\u201c en Txapartegi, E. (ed.), \u00a0Los objetos de la ciencia. El mundo que la ciencia construye, Ed. Brujas, C\u00f3rdoba, 2005.<\/p><p>\u201dLa metaf\u00edsica y el Aufbau de Carnap\u201c, en Cadernos de Hist\u00f3ria e Filosofia da Ci\u00eancia, Vol. 15, N\u00ba 1, 2005. \u00a0<\/p><p>\u201dLa concepci\u00f3n cient\u00edfica del mundo y el naturalismo filos\u00f3fico\u201c en L\u00f3pez Beltr\u00e1n, C., (comp.) Perspectivas y horizontes de la filosof\u00eda de la ciencia a la vuelta del tercer milenio Vol. III, UNAM (2006).<\/p><p>\u201dReconsiderando a Friedman, Richardson y lo a priori constitutivo\u201c en Ideas y valores, N\u00ba 131, Universidad Nacional de Colombia, Agosto 2006.<\/p><p>\u201dKant y los principios a priori de la ciencia natural\u201c en Signos Filos\u00f3ficos, vol. XIX, N\u00ba 17, Universidad Aut\u00f3noma Metropolitana, 2007.<\/p><p>\u201dKant, la teor\u00eda de la relatividad y la filosof\u00eda de la ciencia a comienzos del siglo XX\u201c en Theoria, N\u00ba 17, Fac. de Filosof\u00eda y Letras, UNAM, 2007.<\/p><p>\u201dMatem\u00e1ticas, unidad sint\u00e9tica y a priori constitutivo\u201c en Revista de Filosof\u00eda Aret\u00e9 Vol. XIX, N 2, Universidad Pontificia del Per\u00fa, 2007.<\/p><p>\u201dSimetr\u00edas, principios trascendentales y objetividad: esbozo de un programa para la ontolog\u00eda\u201c, en Representaciones. Revista de Estudios sobre Representaciones en Arte, Ciencia y Filosof\u00eda. Vol. 3- No 1 \u2013 Jul. 2007 \u2013 p\u00e1g. 95-119.<\/p><p>\u201dLa teor\u00eda de los invariantes y el espacio intuitivo en Der Raum de Rudolf Carnap\u201c de pr\u00f3xima aparici\u00f3n en An\u00e1lisis filos\u00f3fico.<\/p><p>\u201dKant, el empirismo m\u00ednimo, y el tribunal de la experiencia\u201c, de pr\u00f3xima aparici\u00f3n en T\u00f3picos (2008).<\/p><p>\u201dGeometr\u00eda, esquemas, e idealizaci\u00f3n: una m\u00f3dica defensa de la filosof\u00eda de la geometr\u00eda de Kant\u201c, de pr\u00f3xima aparici\u00f3n en Revista de filosof\u00eda, Universidad de Chile, (2008).<\/p><p>\u201dSobre la idea de un a priori formal constitutivo en el Aufbau de Carnap\u201c, de pr\u00f3xima aparici\u00f3n en Revista filos\u00f3fica del sur,(2008)<\/p><p>\u201dLa enciclopedia de la ciencia unificada y la cuesti\u00f3n de la transdisciplina\u201c, de pr\u00f3xima publicaci\u00f3n en De Teresa, J., y Pel\u00e1ez, A. (comps.). (2008)<\/p><p>\u201dSobre la geometr\u00eda del conocimiento: Kant y Carnap\u201c, de pr\u00f3xima publicaci\u00f3n en<\/p><p>Casanueva, M., \u00a0y Bolagnos, B., (comps.) (2008).<\/p><p><strong>Tesis dirigidas<\/strong><\/p><p>Dami\u00e1n Bravo Zamora, Fac. de Fil. y Letras, UNAM. Tesis de licenciatura: \u201dLa relaci\u00f3n entre fen\u00f3menos y cosas en s\u00ed en la filosof\u00eda te\u00f3rica de Kant\u201c.<\/p><p>Cristy Hayd\u00e9e Robledo Escobedo, Fac. de Fil. y Letras, UNAM. Tesis de licenciatura sobre la evoluci\u00f3n de la concepci\u00f3n realista en H. Putnam.<\/p><p>Pavel L\u00f3pez, IIF, UNAM. Tesis de maestr\u00eda: \u201dFilosof\u00edas del espacio y el tiempo\u201c.<\/p><p>Engracia V\u00e1zquez, IIF, UNAM: Tesis de maestr\u00eda: \u201dLa naturaleza de los problemas cient\u00edficos\u201c.<\/p><p><strong>Semblanza curricular<\/strong><\/p><p>Licenciado en Filosof\u00eda por la Universidad de la Rep\u00fablica (Uruguay), Maestro y Doctor en Filosof\u00eda de la Ciencia por el Instituto de Investigaciones Filos\u00f3ficas de la UNAM. Su disertaci\u00f3n doctoral (de pr\u00f3xima publicaci\u00f3n) vers\u00f3 sobre el concepto kantiano de lo a priori y su desarrollo en la filosof\u00eda de los siglos XIX y comienzos del XX. Ha participado en numerosos congresos nacionales e internacionales, as\u00ed como impartido conferencias en universidades como: Universidad Aut\u00f3noma de Nuevo Le\u00f3n, Universidad Ju\u00e1rez Aut\u00f3noma de Tabasco, Universidad de Quer\u00e9taro, Universidad Aut\u00f3noma de Zacatecas, Universidad del Pa\u00eds Vasco, Universidad de Valladolid, Universidad de Santiago de Compostela.<\/p><p>Es miembro del Sistema Nacional de Investigadores. Ha impartido las asignaturas de Filosof\u00eda de la Ciencia y Teor\u00eda del Conocimiento, tanto a nivel de licenciatura como de posgrado, en la Fac. de Filosof\u00eda y Letras de la UNAM y en la Universidad Aut\u00f3noma Metropolitana, donde se desempe\u00f1a como profesor-investigador de tiempo completo en la categor\u00eda de Titular C.<\/p><p>Correo: apelaez@correo.cua.uam.mx<\/p>                    <\/div>\n\t\t        \n                    <div id=\"bernardo-bolaos-guerra-ncleo-complementario-externo-tab\" class=\"clearfix eael-tab-content-item inactive\" data-title-link=\"bernardo-bolaos-guerra-ncleo-complementario-externo-tab\">\n\t\t\t\t        <p><strong>L\u00edneas de investigaci\u00f3n<\/strong><\/p><p>Filosof\u00eda del derecho<\/p><p>Filosof\u00eda de las ciencias sociales<\/p><p>Teor\u00eda de la decisi\u00f3n racional<\/p><p>Filosof\u00eda francesa y canadiense: Montaigne, Pascal, Bachelard, Koyr\u00e9, Hacking<\/p><p><strong>Trayectoria acad\u00e9mica<\/strong><\/p><p>Doctorado en filosof\u00eda en el Institut d\u2019Histoire et de Philosophie des Sciences et des Techniques (Universidad de Par\u00eds 1, Francia).<\/p><p>Diploma de Estudios Avanzados (DEA) en historia y filosof\u00eda de la ciencia (Universidad de Par\u00eds 1, Francia).<\/p><p>Maestr\u00eda en historia y filosof\u00eda de la ciencia (UNAM, Ciudad de M\u00e9xico)<\/p><p>Licenciatura en derecho (UNAM, M\u00e9xico)<\/p><p><strong>Publicaciones recientes<\/strong><\/p><p>Libro: con Mario Casanueva, El Giro Pict\u00f3rico. Epistemolog\u00eda de la imagen, Anthropos, Madrid, 2009.<\/p><p>Libro: Breve introducci\u00f3n al pensamiento de Blaise Pascal, UAM, M\u00e9xico, D.F., 2008.<\/p><p>Tesis doctoral dirigida: \u201cRet\u00f3rica y racionalidad jur\u00eddica\u00bb Alumno: Gerardo Ribeiro Toral.<\/p><p>\u00ab Le droit : Machine de Turing, rapport de forces ou \u00e9quilibre bayesien ? \u00bb Philosophi@Scienti@e,volumen2,2005<br \/>ver sitio<a href=\"http:\/\/philosophiascientiae.free.fr\/vol2\/bolanos.pdf\" target=\"_blank\" rel=\"noopener\">\u00a0http:\/\/philosophiascientiae.free.fr\/vol2\/bolanos.pdf<\/a><\/p><p>Argumentaci\u00f3n cient\u00edfica y objetividad, UNAM, M\u00e9xico, DF., 2002.<\/p><p>\u00ab La estructura de las expectativas jur\u00eddicas \u00bb, en Carbonell Miguel y Salazar Pedro (edici\u00f3n), Garantismo. Estudios sobre el pensamiento jur\u00eddico de Luigi Ferrajoli, Instituto de Investigaciones Jur\u00eddicas (UNAM)-Trotta, Madrid, 2005, pp. 293-318.<\/p><p><strong>Semblanza curricular<\/strong><\/p><p>Es profesor-investigador titular en el departamento de humanidades de la UAM-Cuajimalpa. Es miembro del consejo de redacci\u00f3n de Isonom\u00eda. Revista de teor\u00eda y filosof\u00eda del derecho. Adem\u00e1s de ense\u00f1ar en la UAM, ha sido profesor de asignatura en la UNAM (licenciatura en filosof\u00eda y posgrado en filosof\u00eda de la ciencia), en el Instituto Tecnol\u00f3gico Aut\u00f3nomo de M\u00e9xico y en la Universidad del Claustro de Sor Juana. Entre 2005 y 2006 realiz\u00f3 una estancia posdoctoral en filosof\u00eda pol\u00edtica dentro del laboratorio NoSoPhi (Normas, sociedades, filosof\u00eda) de la Universidad de Par\u00eds 1.<\/p><p>Correo: bbolanos@correo.cua.uam.mx<\/p>                    <\/div>\n\t\t        \n                    <div id=\"rodolfo-surez-molnar-ncleo-complementario-externo-tab\" class=\"clearfix eael-tab-content-item inactive\" data-title-link=\"rodolfo-surez-molnar-ncleo-complementario-externo-tab\">\n\t\t\t\t        <p>Licenciado en psicolog\u00eda por la Facultad de Psicolog\u00eda de la Universidad Nacional Aut\u00f3noma de M\u00e9xico. Maestro y Doctor en Filosof\u00eda de la Ciencia por el Instituto de Investigaciones Filos\u00f3ficas y la Facultad de Filosof\u00eda y Letras de la misma universidad.<\/p><p><strong>L\u00edneas de investigaci\u00f3n<\/strong><\/p><p>\u2013 Psicolog\u00eda colectiva<\/p><p>\u2013 Teor\u00eda de la historia<\/p><p>\u2013 Filosof\u00eda de la ciencia<\/p><p><strong>Publicaciones<\/strong><\/p><p>Explicaci\u00f3n hist\u00f3rica y tiempo social, Barcelona, Anthropos-UAM Cuajimalpa, 2007.<\/p><p>\u201dGustave LeBon y El Esp\u00edritu de la Psicolog\u00eda social\u201c, en Miradas psicosociales a la realidad, M\u00e9xico, Universidad Aut\u00f3noma del Estado de M\u00e9xico\/Sociedad Mexicana de Psicolog\u00eda Social (en prensa).<\/p><p>\u201dHacia una interpretaci\u00f3n no relativista del anarquismo metodol\u00f3gico\u201c, en P\u00e9rez Ransanz, Ana Rosa, Perspectivas y horizontes de la filosof\u00eda de la Ciencia a la vuelta del tercer milenio, M\u00e9xico, UNAM, Vol. II, 2004, pp. 61-93.<\/p><p>\u201dDe la naturaleza hist\u00f3rica de la realidad social\u201c, en Javiedes, Mar\u00eda de la Luz (coord.), Historia, Teor\u00eda y Psicolog\u00eda Social, Cuadernos de Psicolog\u00eda Social de la SOMEPSO, M\u00e9xico, SOMEPSO\/Universidad Aut\u00f3noma de Tlaxcala, 2003, pp. 83-106.<\/p>                    <\/div>\n\t\t                    <\/div>\n        <\/div>\n\t\t\t\t<\/div>\n\t\t\t\t<\/div>\n\t\t\t\t\t<\/div>\n\t\t\t\t<\/div>\n\t\t\t\t<\/div>\n\t\t","protected":false},"excerpt":{"rendered":"<p>J\u00f6rg Alejandro Tellkamp Armando C\u00edntora G\u00f3mez Godfrey Guillaumin Ju\u00e1rez Gustavo Leyva Mart\u00ednez Jorge Mart\u00ednez Contreras Jos\u00e9 de Teresa Ochoa Max Fern\u00e1ndez de Castro Tapia Marc Jim\u00e9nez Rolland S\u00edlvio Jos\u00e9 Mota Pinto Yolanda Torres Falc\u00f3n Mario Casanueva L\u00f3pez (N\u00facleo complementario) \u00c1lvaro Julio Pel\u00e1ez Cedr\u00e9s (N\u00facleo Complementario Externo) Bernardo Bola\u00f1os Guerra (N\u00facleo Complementario Externo) Rodolfo Su\u00e1rez Molnar [&hellip;]<\/p>\n","protected":false},"author":2,"featured_media":0,"parent":3999,"menu_order":3,"comment_status":"closed","ping_status":"closed","template":"elementor_header_footer","meta":{"footnotes":""},"class_list":["post-1671","page","type-page","status-publish","hentry"],"blocksy_meta":[],"_links":{"self":[{"href":"https:\/\/dcsh.izt.uam.mx\/posgrado\/humanidades\/index.php\/wp-json\/wp\/v2\/pages\/1671","targetHints":{"allow":["GET"]}}],"collection":[{"href":"https:\/\/dcsh.izt.uam.mx\/posgrado\/humanidades\/index.php\/wp-json\/wp\/v2\/pages"}],"about":[{"href":"https:\/\/dcsh.izt.uam.mx\/posgrado\/humanidades\/index.php\/wp-json\/wp\/v2\/types\/page"}],"author":[{"embeddable":true,"href":"https:\/\/dcsh.izt.uam.mx\/posgrado\/humanidades\/index.php\/wp-json\/wp\/v2\/users\/2"}],"replies":[{"embeddable":true,"href":"https:\/\/dcsh.izt.uam.mx\/posgrado\/humanidades\/index.php\/wp-json\/wp\/v2\/comments?post=1671"}],"version-history":[{"count":40,"href":"https:\/\/dcsh.izt.uam.mx\/posgrado\/humanidades\/index.php\/wp-json\/wp\/v2\/pages\/1671\/revisions"}],"predecessor-version":[{"id":4662,"href":"https:\/\/dcsh.izt.uam.mx\/posgrado\/humanidades\/index.php\/wp-json\/wp\/v2\/pages\/1671\/revisions\/4662"}],"up":[{"embeddable":true,"href":"https:\/\/dcsh.izt.uam.mx\/posgrado\/humanidades\/index.php\/wp-json\/wp\/v2\/pages\/3999"}],"wp:attachment":[{"href":"https:\/\/dcsh.izt.uam.mx\/posgrado\/humanidades\/index.php\/wp-json\/wp\/v2\/media?parent=1671"}],"curies":[{"name":"wp","href":"https:\/\/api.w.org\/{rel}","templated":true}]}}